{"id":9,"date":"2024-01-15T14:20:54","date_gmt":"2024-01-15T13:20:54","guid":{"rendered":"https:\/\/gehring-daemmtechnik.de\/ausbildung\/?page_id=9"},"modified":"2024-01-22T11:25:28","modified_gmt":"2024-01-22T10:25:28","slug":"home","status":"publish","type":"page","link":"https:\/\/gehring-daemmtechnik.de\/ausbildung\/","title":{"rendered":"Home"},"content":{"rendered":"<div class=\"lazyblock-content-container-1YGN3y wp-block-lazyblock-content-container\"><div class=\"content padding50\">\n  <div class=\"lazyblock-inner-blocks\">\n\n<h1 class=\"wp-block-heading text-uppercase\" id=\"wer-wir-sind\">Deine Ausbildung zum W\u00e4rme-, K\u00e4lte- und Schallschutzisolierer (m\/w\/d) <br>bei Gehring D\u00e4mmtechnik!<\/h1>\n\n\n\n<p>Du interessierst dich f\u00fcr K\u00fchllagerbau, Isoliertechnik oder willst mit gro\u00dfen Maschinen arbeiten?&nbsp;<br>Dann bewirb dich bei uns f\u00fcr eine Ausbildung zum Isolierer und werde Teil unseres Familienunternehmens.<br>Wir sind immer auf der Suche nach engagierten Leuten, die Lust auf Handwerk haben.&nbsp;<\/p>\n\n<\/div>\n<\/div><\/div>\n\n<div class=\"lazyblock-content-container-Gibbz wp-block-lazyblock-content-container\"><div class=\"content padding50 bggrey\">\n  <div class=\"lazyblock-inner-blocks\">\n\n<h2 class=\"wp-block-heading text-uppercase\" id=\"wir-als-arbeitgeber\">Wir als Arbeitgeber<\/h2>\n\n\n\n<div style=\"height:15px\" aria-hidden=\"true\" class=\"wp-block-spacer\"><\/div>\n\n\n\n<div class=\"wp-block-columns is-layout-flex wp-container-core-columns-is-layout-9d6595d7 wp-block-columns-is-layout-flex\">\n<div class=\"wp-block-column is-layout-flow wp-block-column-is-layout-flow\"><div class=\"wp-block-image\">\n<figure class=\"aligncenter size-full is-resized\"><img loading=\"lazy\" decoding=\"async\" width=\"600\" height=\"286\" src=\"https:\/\/gehring-daemmtechnik.de\/ausbildung\/wp-content\/uploads\/2024\/01\/icon-1.png\" alt=\"\" class=\"wp-image-26\" style=\"width:250px\" srcset=\"https:\/\/gehring-daemmtechnik.de\/ausbildung\/wp-content\/uploads\/2024\/01\/icon-1.png 600w, https:\/\/gehring-daemmtechnik.de\/ausbildung\/wp-content\/uploads\/2024\/01\/icon-1-300x143.png 300w\" sizes=\"auto, (max-width: 600px) 100vw, 600px\" \/><\/figure>\n<\/div>\n\n\n<p class=\"has-text-align-center\">tarifliche<br>Ausbildungsverg\u00fctung<\/p>\n\n\n\n<div style=\"height:20px\" aria-hidden=\"true\" class=\"wp-block-spacer\"><\/div>\n<\/div>\n\n\n\n<div class=\"wp-block-column is-layout-flow wp-block-column-is-layout-flow\"><div class=\"wp-block-image\">\n<figure class=\"aligncenter size-full is-resized\"><img loading=\"lazy\" decoding=\"async\" width=\"600\" height=\"286\" src=\"https:\/\/gehring-daemmtechnik.de\/ausbildung\/wp-content\/uploads\/2024\/01\/icon-2.png\" alt=\"\" class=\"wp-image-27\" style=\"width:250px\" srcset=\"https:\/\/gehring-daemmtechnik.de\/ausbildung\/wp-content\/uploads\/2024\/01\/icon-2.png 600w, https:\/\/gehring-daemmtechnik.de\/ausbildung\/wp-content\/uploads\/2024\/01\/icon-2-300x143.png 300w\" sizes=\"auto, (max-width: 600px) 100vw, 600px\" \/><\/figure>\n<\/div>\n\n\n<p class=\"has-text-align-center\">30 Tage<br>Urlaub<\/p>\n\n\n\n<div style=\"height:20px\" aria-hidden=\"true\" class=\"wp-block-spacer\"><\/div>\n<\/div>\n\n\n\n<div class=\"wp-block-column is-layout-flow wp-block-column-is-layout-flow\"><div class=\"wp-block-image\">\n<figure class=\"aligncenter size-full is-resized\"><img loading=\"lazy\" decoding=\"async\" width=\"600\" height=\"286\" src=\"https:\/\/gehring-daemmtechnik.de\/ausbildung\/wp-content\/uploads\/2024\/01\/icon-3.png\" alt=\"\" class=\"wp-image-28\" style=\"width:250px\" srcset=\"https:\/\/gehring-daemmtechnik.de\/ausbildung\/wp-content\/uploads\/2024\/01\/icon-3.png 600w, https:\/\/gehring-daemmtechnik.de\/ausbildung\/wp-content\/uploads\/2024\/01\/icon-3-300x143.png 300w\" sizes=\"auto, (max-width: 600px) 100vw, 600px\" \/><\/figure>\n<\/div>\n\n\n<p class=\"has-text-align-center\">Urlaubs- und<br>Weihnachtsgeld<\/p>\n\n\n\n<div style=\"height:20px\" aria-hidden=\"true\" class=\"wp-block-spacer\"><\/div>\n<\/div>\n\n\n\n<div class=\"wp-block-column is-layout-flow wp-block-column-is-layout-flow\"><div class=\"wp-block-image\">\n<figure class=\"aligncenter size-full is-resized\"><img loading=\"lazy\" decoding=\"async\" width=\"600\" height=\"286\" src=\"https:\/\/gehring-daemmtechnik.de\/ausbildung\/wp-content\/uploads\/2024\/01\/icon-4.png\" alt=\"\" class=\"wp-image-29\" style=\"width:250px\" srcset=\"https:\/\/gehring-daemmtechnik.de\/ausbildung\/wp-content\/uploads\/2024\/01\/icon-4.png 600w, https:\/\/gehring-daemmtechnik.de\/ausbildung\/wp-content\/uploads\/2024\/01\/icon-4-300x143.png 300w\" sizes=\"auto, (max-width: 600px) 100vw, 600px\" \/><\/figure>\n<\/div>\n\n\n<p class=\"has-text-align-center\">bezahlte Unterkunft<br>und Verpflegung w\u00e4hrend der Schulzeiten<\/p>\n\n\n\n<div style=\"height:20px\" aria-hidden=\"true\" class=\"wp-block-spacer\"><\/div>\n<\/div>\n<\/div>\n\n\n\n<div class=\"wp-block-columns is-layout-flex wp-container-core-columns-is-layout-9d6595d7 wp-block-columns-is-layout-flex\">\n<div class=\"wp-block-column is-layout-flow wp-block-column-is-layout-flow\"><div class=\"wp-block-image\">\n<figure class=\"aligncenter size-full is-resized\"><img loading=\"lazy\" decoding=\"async\" width=\"600\" height=\"286\" src=\"https:\/\/gehring-daemmtechnik.de\/ausbildung\/wp-content\/uploads\/2024\/01\/icon-5.png\" alt=\"\" class=\"wp-image-30\" style=\"width:250px\" srcset=\"https:\/\/gehring-daemmtechnik.de\/ausbildung\/wp-content\/uploads\/2024\/01\/icon-5.png 600w, https:\/\/gehring-daemmtechnik.de\/ausbildung\/wp-content\/uploads\/2024\/01\/icon-5-300x143.png 300w\" sizes=\"auto, (max-width: 600px) 100vw, 600px\" \/><\/figure>\n<\/div>\n\n\n<p class=\"has-text-align-center\">\u00dcbernahme von Fahrtkosten<\/p>\n\n\n\n<div style=\"height:20px\" aria-hidden=\"true\" class=\"wp-block-spacer\"><\/div>\n<\/div>\n\n\n\n<div class=\"wp-block-column is-layout-flow wp-block-column-is-layout-flow\"><div class=\"wp-block-image\">\n<figure class=\"aligncenter size-full is-resized\"><img loading=\"lazy\" decoding=\"async\" width=\"600\" height=\"286\" src=\"https:\/\/gehring-daemmtechnik.de\/ausbildung\/wp-content\/uploads\/2024\/01\/icon-6.png\" alt=\"\" class=\"wp-image-33\" style=\"width:250px\" srcset=\"https:\/\/gehring-daemmtechnik.de\/ausbildung\/wp-content\/uploads\/2024\/01\/icon-6.png 600w, https:\/\/gehring-daemmtechnik.de\/ausbildung\/wp-content\/uploads\/2024\/01\/icon-6-300x143.png 300w\" sizes=\"auto, (max-width: 600px) 100vw, 600px\" \/><\/figure>\n<\/div>\n\n\n<p class=\"has-text-align-center\">Weiterbildungs- und Aufstiegchancen<\/p>\n\n\n\n<div style=\"height:20px\" aria-hidden=\"true\" class=\"wp-block-spacer\"><\/div>\n<\/div>\n\n\n\n<div class=\"wp-block-column is-layout-flow wp-block-column-is-layout-flow\"><div class=\"wp-block-image\">\n<figure class=\"aligncenter size-full is-resized\"><img loading=\"lazy\" decoding=\"async\" width=\"600\" height=\"286\" src=\"https:\/\/gehring-daemmtechnik.de\/ausbildung\/wp-content\/uploads\/2024\/01\/icon-7.png\" alt=\"\" class=\"wp-image-32\" style=\"width:250px\" srcset=\"https:\/\/gehring-daemmtechnik.de\/ausbildung\/wp-content\/uploads\/2024\/01\/icon-7.png 600w, https:\/\/gehring-daemmtechnik.de\/ausbildung\/wp-content\/uploads\/2024\/01\/icon-7-300x143.png 300w\" sizes=\"auto, (max-width: 600px) 100vw, 600px\" \/><\/figure>\n<\/div>\n\n\n<p class=\"has-text-align-center\">\u00dcbernahmem\u00f6glichkeiten<\/p>\n\n\n\n<div style=\"height:20px\" aria-hidden=\"true\" class=\"wp-block-spacer\"><\/div>\n<\/div>\n<\/div>\n\n<\/div>\n<\/div><\/div>\n\n<div class=\"lazyblock-content-container-osdxl wp-block-lazyblock-content-container\"><div class=\"content padding50\">\n  <div class=\"lazyblock-inner-blocks\">\n\n<h2 class=\"wp-block-heading text-upppercase\" id=\"keyfacts\">Keyfacts zu deiner Ausbildung  zum W\u00e4rme-, K\u00e4lte- und Schallschutzisolierer (m\/w\/d) <\/h2>\n\n\n\n<div style=\"height:15px\" aria-hidden=\"true\" class=\"wp-block-spacer\"><\/div>\n\n\n<div class=\"lazyblock-accordion-item-67c5A wp-block-lazyblock-accordion-item\"><div class=\"acc_item\">\n  <div class=\"acc_btn\">\n    <img decoding=\"async\" src=\"https:\/\/gehring-daemmtechnik.de\/ausbildung\/wp-content\/uploads\/2024\/01\/beginn.png\" class=\"icon\">\n  <h3>Beginn der Ausbildung<\/h3>\n  <\/div>\n  <div class=\"acc_content\">\n  <div class=\"lazyblock-inner-blocks\">\n\n<p>01.08.2024<\/p>\n\n<\/div>\n  <\/div>\n<\/div>\n<\/div>\n\n<div class=\"lazyblock-accordion-item-Z21mPnQ wp-block-lazyblock-accordion-item\"><div class=\"acc_item\">\n  <div class=\"acc_btn\">\n    <img decoding=\"async\" src=\"https:\/\/gehring-daemmtechnik.de\/ausbildung\/wp-content\/uploads\/2024\/01\/aufbau.png\" class=\"icon\">\n  <h3>Wie ist die Ausbildung aufgebaut<\/h3>\n  <\/div>\n  <div class=\"acc_content\">\n  <div class=\"lazyblock-inner-blocks\">\n\n<p>W\u00e4hrend deiner dreij\u00e4hrigen Ausbildung durchl\u00e4ufst du verschiedene Phasen: Den Hauptteil deiner Ausbildung verbringst du nat\u00fcrlich in unserem Betrieb und lernst die in der Schule erlernte Theorie in der Praxis anzuwenden. Wie in jeder Ausbildung wirst du auch bei uns eine Berufsschule besuchen. Bei der <strong>Ausbildung zum W\u00e4rme-, K\u00e4lte- und Schallschutzisolierer (m\/w\/d) <\/strong>gibt es eine Besonderheit: Alle drei Lehrjahre geht es f\u00fcr dich und alle anderen Azubis in NRW f\u00fcr einige Monate in eine \u00fcberbetriebliche Ausbildungsst\u00e4tte, in der du die Grundlagen im Bereich W\u00e4rme-, K\u00e4lte- und Schallschutzisolierer lernst. Die Fahrkosten sowie Unterbringung und Verpflegung \u00fcbernehmen selbstverst\u00e4ndlich wir.&nbsp;<\/p>\n\n<\/div>\n  <\/div>\n<\/div>\n<\/div>\n\n<div class=\"lazyblock-accordion-item-Z1D6CL5 wp-block-lazyblock-accordion-item\"><div class=\"acc_item\">\n  <div class=\"acc_btn\">\n    <img decoding=\"async\" src=\"https:\/\/gehring-daemmtechnik.de\/ausbildung\/wp-content\/uploads\/2024\/01\/verguetung.png\" class=\"icon\">\n  <h3>Verg\u00fctung<\/h3>\n  <\/div>\n  <div class=\"acc_content\">\n  <div class=\"lazyblock-inner-blocks\">\n\n<p><strong>1. Lehrjahr:<\/strong> 935,00 \u20ac<br><strong>2. Lehrjahr:<\/strong> 1.230,00 \u20ac<br><strong>3. Lehrjahr:<\/strong> 1.495,00 \u20ac <\/p>\n\n<\/div>\n  <\/div>\n<\/div>\n<\/div>\n\n<div class=\"lazyblock-accordion-item-Z1oNNwS wp-block-lazyblock-accordion-item\"><div class=\"acc_item\">\n  <div class=\"acc_btn\">\n    <img decoding=\"async\" src=\"https:\/\/gehring-daemmtechnik.de\/ausbildung\/wp-content\/uploads\/2024\/01\/arbeitszeiten.png\" class=\"icon\">\n  <h3>Arbeitszeiten<\/h3>\n  <\/div>\n  <div class=\"acc_content\">\n  <div class=\"lazyblock-inner-blocks\">\n\n<p><strong>40 Std.\/Woche: <\/strong>Montag\u2013Donnerstag 07:00\u201316:30 Uhr, Freitag 07:00\u201313:30 Uhr<\/p>\n\n<\/div>\n  <\/div>\n<\/div>\n<\/div>\n<\/div>\n<\/div><\/div>\n\n<div class=\"lazyblock-content-container-ZvwuO5 wp-block-lazyblock-content-container\"><div class=\"content padding50 bggrey\">\n  <div class=\"lazyblock-inner-blocks\">\n\n<h2 class=\"wp-block-heading\" id=\"wir-bilden-aus\">Deine Ausbildung bei uns<\/h2>\n\n\n\n<div style=\"height:15px\" aria-hidden=\"true\" class=\"wp-block-spacer\"><\/div>\n\n\n<div class=\"lazyblock-box-white-Z21ih5C wp-block-lazyblock-box-white\"><div class=\"box_white\">\n  <img decoding=\"async\" src=\"wp-content\/themes\/fbnfrtg\/assets\/img\/dings.png\" class=\"dings\">\n  <div class=\"lazyblock-inner-blocks\">\n\n<h2 class=\"wp-block-heading\">Starte jetzt deine <strong>Ausbildung zum W\u00e4rme-, K\u00e4lte- und Schallschutzisolierer<\/strong> (m\/w\/d) und lerne, wie man es richtig macht!<\/h2>\n\n\n\n<div class=\"wp-block-columns is-layout-flex wp-container-core-columns-is-layout-9d6595d7 wp-block-columns-is-layout-flex\">\n<div class=\"wp-block-column is-layout-flow wp-block-column-is-layout-flow\" style=\"flex-basis:15%\"><\/div>\n\n\n\n<div class=\"wp-block-column is-layout-flow wp-block-column-is-layout-flow\" style=\"flex-basis:85%\">\n<hr class=\"wp-block-separator has-alpha-channel-opacity\"\/>\n\n\n\n<p>Dass man W\u00e4nde d\u00e4mmt, um die W\u00e4rme im Haus zu speichern und es vor K\u00e4lte zu sch\u00fctzen, ist jedem klar. Dass auch Rohrleitungen, Apparate oder Beh\u00e4lter ged\u00e4mmt werden m\u00fcssen, wei\u00df nicht unbedingt jeder. Schlie\u00dflich wird so daf\u00fcr gesorgt, dass eine Hei\u00dfwasserleitung nicht unn\u00f6tig viel Energie verliert. In der dreij\u00e4hrigen Ausbildung zum Isolierer spezialisierst du dich auf die Industrieisolierung und lernst, wie du mit unterschiedlichen D\u00e4mmstoffen beispielsweise gro\u00dfe Anlagen in Kraftwerken isolierst.<\/p>\n\n\n\n<ul class=\"wp-block-list\">\n<li>Verarbeiten von D\u00e4mmstoffen und Blechm\u00e4nteln auf Rohrleitungen, L\u00fcftungskan\u00e4len,<br>Beh\u00e4ltern und Armaturen<\/li>\n\n\n\n<li>Fertigung und Montage von Isolierverkleidungen aus Blechen und Kunststoffen<\/li>\n\n\n\n<li>Herstellung der Blechm\u00e4ntel aller Art an modernen Maschinen in unserer Werkstatt<\/li>\n\n\n\n<li>Abschirmen von Geb\u00e4uden gegen Schall und L\u00e4rm<\/li>\n\n\n\n<li>Schutz von Menschen und Umwelt durch vorbeugenden baulichen Brandschutz<\/li>\n\n\n\n<li>Lesen von Skizzen und Zeichnungen<\/li>\n\n\n\n<li>Ummantelungs-Formst\u00fccke aus Blechen anfertigen und montieren<\/li>\n<\/ul>\n<\/div>\n<\/div>\n\n<\/div>\n<\/div><\/div>\n\n\n<div style=\"height:50px\" aria-hidden=\"true\" class=\"wp-block-spacer\"><\/div>\n\n<\/div>\n<\/div><\/div>\n\n<div class=\"lazyblock-content-container-1scIq1 wp-block-lazyblock-content-container\"><div class=\"content padding50\">\n  <div class=\"lazyblock-inner-blocks\">\n<div class=\"lazyblock-zitatbox-Z1GiD1O wp-block-lazyblock-zitatbox\"><div class=\"row g-0 zitatbox\">\n  <div class=\"col-12 col-md-5\"><img decoding=\"async\" src=\"https:\/\/gehring-daemmtechnik.de\/ausbildung\/wp-content\/uploads\/2024\/01\/HrZimmermann_002_b.jpg\" class=\"zitatfoto\"><\/div> \n   <div class=\"col-12 col-md-7\">\n     <img decoding=\"async\" src=\"wp-content\/themes\/fbnfrtg\/assets\/img\/quote.png\" class=\"icon_quote\">\n     <div class=\"p-5\">\n       <h5>&quot;Ich habe damals meine Ausbildung bei Gehring D\u00e4mmtechnik gemacht und bin heute der Werkstattleiter. Hier hast du einen sicheren Job mit Aufstiegschancen!&quot; <\/h5>\n       <p class=\"mt-4\">Peter Zimmermann <br>K\u00e4lte-, W\u00e4rme- und Schallschutzisolierer <\/p>\n     <\/div>\n   <\/div>\n<\/div><\/div>\n\n\n<div style=\"height:40px\" aria-hidden=\"true\" class=\"wp-block-spacer\"><\/div>\n\n\n<div class=\"wp-block-image\">\n<figure class=\"aligncenter size-full is-resized\" id=\"noch-fragen\"><img loading=\"lazy\" decoding=\"async\" width=\"800\" height=\"500\" src=\"https:\/\/gehring-daemmtechnik.de\/ausbildung\/wp-content\/uploads\/2024\/01\/noch-fragen.png\" alt=\"\" class=\"wp-image-77\" style=\"width:400px\" srcset=\"https:\/\/gehring-daemmtechnik.de\/ausbildung\/wp-content\/uploads\/2024\/01\/noch-fragen.png 800w, https:\/\/gehring-daemmtechnik.de\/ausbildung\/wp-content\/uploads\/2024\/01\/noch-fragen-300x188.png 300w, https:\/\/gehring-daemmtechnik.de\/ausbildung\/wp-content\/uploads\/2024\/01\/noch-fragen-768x480.png 768w\" sizes=\"auto, (max-width: 800px) 100vw, 800px\" \/><\/figure>\n<\/div>\n\n<div class=\"lazyblock-accordion-item-Z2g4TAd wp-block-lazyblock-accordion-item\"><div class=\"acc_item\">\n  <div class=\"acc_btn\">\n    \n  <h3>Welcher Schulabschluss ist erforderlich?<\/h3>\n  <\/div>\n  <div class=\"acc_content\">\n  <div class=\"lazyblock-inner-blocks\">\n\n<p>Du kannst deine Ausbildung zum W\u00e4rme-, K\u00e4lte- und Schallschutzisolierer (m\/w\/d) bei Gehring mit einem Hauptschulabschluss oder besser beginnen. Wichtig sind handwerkliches Geschick, technisches Interesse und ein gutes Vorstellungsverm\u00f6gen.&nbsp;<\/p>\n\n<\/div>\n  <\/div>\n<\/div>\n<\/div>\n\n<div class=\"lazyblock-accordion-item-Z2bgqQJ wp-block-lazyblock-accordion-item\"><div class=\"acc_item\">\n  <div class=\"acc_btn\">\n    \n  <h3>Was macht ein W\u00e4rme-, K\u00e4lte- und Schallschutzisolierer?<\/h3>\n  <\/div>\n  <div class=\"acc_content\">\n  <div class=\"lazyblock-inner-blocks\">\n\n<p>Ein Isolierer stellt D\u00e4mmstoffe her, um W\u00e4rme- und K\u00e4lteverluste zu vermeiden oder gegen Feuchtigkeit abzusperren. Auch L\u00e4rm und Schall k\u00f6nnen durch die richtige Isolierung abgeschirmt werden. Ged\u00e4mmt werden vor allem Rohrleitungen, Kan\u00e4le, Apparate, Beh\u00e4lter und Armaturen. Aber auch die Anfertigung und Montage von Isolierverkleidungen aus Blechen und Kunststoff geh\u00f6rt zu den Aufgaben eines Isolierers.<\/p>\n\n<\/div>\n  <\/div>\n<\/div>\n<\/div>\n<\/div>\n<\/div><\/div>\n\n<div class=\"lazyblock-content-container-16wioI wp-block-lazyblock-content-container\"><div class=\"content padding50 bggrey\">\n  <div class=\"lazyblock-inner-blocks\">\n\n<div style=\"height:25px\" aria-hidden=\"true\" class=\"wp-block-spacer\"><\/div>\n\n\n<div class=\"lazyblock-box-turkis-Z1i4NoR wp-block-lazyblock-box-turkis\"><div class=\"text-center\">\n  <div class=\"box_tuerkis\">\n    <div class=\"lazyblock-inner-blocks\">\n\n<h2 class=\"wp-block-heading has-text-align-center\" id=\"kontakt\"><strong>Interesse?<br>Dann bewirb dich jetzt!<\/strong><\/h2>\n\n<\/div>\n  <\/div>\n<\/div><\/div>\n\n\n<div style=\"height:50px\" aria-hidden=\"true\" class=\"wp-block-spacer\"><\/div>\n\n\n\n<h2 class=\"wp-block-heading\">Werde Teil unseres Teams!<\/h2>\n\n\n\n<p>F\u00fclle einfach das Kontaktformular aus, wir melden uns bei dir.<\/p>\n\n\n\n<div style=\"height:25px\" aria-hidden=\"true\" class=\"wp-block-spacer\"><\/div>\n\n\n\n<div class=\"wp-block-contact-form-7-contact-form-selector\">\n<div class=\"wpcf7 no-js\" id=\"wpcf7-f84-o1\" lang=\"de-DE\" dir=\"ltr\" data-wpcf7-id=\"84\">\n<div class=\"screen-reader-response\"><p role=\"status\" aria-live=\"polite\" aria-atomic=\"true\"><\/p> <ul><\/ul><\/div>\n<form action=\"\/ausbildung\/wp-json\/wp\/v2\/pages\/9#wpcf7-f84-o1\" method=\"post\" class=\"wpcf7-form init\" aria-label=\"Kontaktformular\" novalidate=\"novalidate\" data-status=\"init\">\n<fieldset class=\"hidden-fields-container\"><input type=\"hidden\" name=\"_wpcf7\" value=\"84\" \/><input type=\"hidden\" name=\"_wpcf7_version\" value=\"6.1.4\" \/><input type=\"hidden\" name=\"_wpcf7_locale\" value=\"de_DE\" \/><input type=\"hidden\" name=\"_wpcf7_unit_tag\" value=\"wpcf7-f84-o1\" \/><input type=\"hidden\" name=\"_wpcf7_container_post\" value=\"0\" \/><input type=\"hidden\" name=\"_wpcf7_posted_data_hash\" value=\"\" \/>\n<\/fieldset>\n<p><label class=\"small mb-3\"> Dein Name *<br \/>\n<span class=\"wpcf7-form-control-wrap\" data-name=\"your-name\"><input size=\"40\" maxlength=\"400\" class=\"wpcf7-form-control wpcf7-text wpcf7-validates-as-required form-control w100\" autocomplete=\"name\" aria-required=\"true\" aria-invalid=\"false\" value=\"\" type=\"text\" name=\"your-name\" \/><\/span> <\/label>\n<\/p>\n<div class=\"row\">\n\t<div class=\"col-12 col-md-6\">\n\t\t<p><label class=\"small mb-3\"> Deine E-Mail-Adresse *<br \/>\n<span class=\"wpcf7-form-control-wrap\" data-name=\"your-email\"><input size=\"40\" maxlength=\"400\" class=\"wpcf7-form-control wpcf7-email wpcf7-validates-as-required wpcf7-text wpcf7-validates-as-email form-control w100\" autocomplete=\"email\" aria-required=\"true\" aria-invalid=\"false\" value=\"\" type=\"email\" name=\"your-email\" \/><\/span> <\/label>\n\t\t<\/p>\n\t<\/div>\n\t<div class=\"col-12 col-md-6\">\n\t\t<p><label class=\"small mb-3\"> Deine Telefonnummer<br \/>\n<span class=\"wpcf7-form-control-wrap\" data-name=\"your-tel\"><input size=\"40\" maxlength=\"400\" class=\"wpcf7-form-control wpcf7-tel wpcf7-text wpcf7-validates-as-tel form-control w100\" autocomplete=\"tel\" aria-invalid=\"false\" value=\"\" type=\"tel\" name=\"your-tel\" \/><\/span> <\/label>\n\t\t<\/p>\n\t<\/div>\n<\/div>\n<div class=\"row\">\n\t<div class=\"col-12 col-md-6\">\n\t\t<p><label class=\"small mb-3\"> Stra\u00dfe & Nr.<br \/>\n<span class=\"wpcf7-form-control-wrap\" data-name=\"your-street\"><input size=\"40\" maxlength=\"400\" class=\"wpcf7-form-control wpcf7-text form-control w100\" aria-invalid=\"false\" value=\"\" type=\"text\" name=\"your-street\" \/><\/span> <\/label>\n\t\t<\/p>\n\t<\/div>\n\t<div class=\"col-12 col-md-6\">\n\t\t<p><label class=\"small mb-3\"> PLZ & Ort<br \/>\n<span class=\"wpcf7-form-control-wrap\" data-name=\"your-city\"><input size=\"40\" maxlength=\"400\" class=\"wpcf7-form-control wpcf7-text form-control w100\" aria-invalid=\"false\" value=\"\" type=\"text\" name=\"your-city\" \/><\/span> <\/label>\n\t\t<\/p>\n\t<\/div>\n<\/div>\n<p><span class=\"wpcf7-form-control-wrap\" data-name=\"upload-file-466\"><input size=\"40\" class=\"wpcf7-form-control wpcf7-drag-n-drop-file d-none\" aria-invalid=\"false\" type=\"file\" multiple=\"multiple\" data-name=\"upload-file-466\" data-type=\"jpeg|jpg|pdf|doc|docx|odt|png\" data-id=\"84\" data-version=\"free version 1.3.9.5\" accept=\".jpeg, .jpg, .pdf, .doc, .docx, .odt, .png\" data-black-list=\"exe|bat|com\" \/><\/span>\n<\/p>\n<p><span class=\"wpcf7-form-control-wrap\" data-name=\"datenschutzhinweis\"><span class=\"wpcf7-form-control wpcf7-checkbox wpcf7-validates-as-required\"><span class=\"wpcf7-list-item first last\"><label><input type=\"checkbox\" name=\"datenschutzhinweis[]\" value=\"Ich habe die Datenschutzerkl\u00e4rung zur Kenntnis genommen und stimme zu, dass meine Angaben und Daten zur Beantwortung meiner Anfrage elektronisch erhoben und gespeichert werden. *\" \/><span class=\"wpcf7-list-item-label\">Ich habe die Datenschutzerkl\u00e4rung zur Kenntnis genommen und stimme zu, dass meine Angaben und Daten zur Beantwortung meiner Anfrage elektronisch erhoben und gespeichert werden. *<\/span><\/label><\/span><\/span><\/span>\n<\/p>\n<p><small>* Pflichtfelder<\/small>\n<\/p>\n<div class=\"text-end\">\n\t<p><input class=\"wpcf7-form-control wpcf7-submit has-spinner button\" type=\"submit\" value=\"Bewerbung abschicken\" \/>\n\t<\/p>\n<\/div><div class=\"wpcf7-response-output\" aria-hidden=\"true\"><\/div>\n<\/form>\n<\/div>\n<\/div>\n\n<\/div>\n<\/div><\/div>","protected":false},"excerpt":{"rendered":"","protected":false},"author":1,"featured_media":116,"parent":0,"menu_order":0,"comment_status":"closed","ping_status":"closed","template":"","meta":{"footnotes":""},"class_list":["post-9","page","type-page","status-publish","has-post-thumbnail","hentry"],"_links":{"self":[{"href":"https:\/\/gehring-daemmtechnik.de\/ausbildung\/wp-json\/wp\/v2\/pages\/9","targetHints":{"allow":["GET"]}}],"collection":[{"href":"https:\/\/gehring-daemmtechnik.de\/ausbildung\/wp-json\/wp\/v2\/pages"}],"about":[{"href":"https:\/\/gehring-daemmtechnik.de\/ausbildung\/wp-json\/wp\/v2\/types\/page"}],"author":[{"embeddable":true,"href":"https:\/\/gehring-daemmtechnik.de\/ausbildung\/wp-json\/wp\/v2\/users\/1"}],"replies":[{"embeddable":true,"href":"https:\/\/gehring-daemmtechnik.de\/ausbildung\/wp-json\/wp\/v2\/comments?post=9"}],"version-history":[{"count":47,"href":"https:\/\/gehring-daemmtechnik.de\/ausbildung\/wp-json\/wp\/v2\/pages\/9\/revisions"}],"predecessor-version":[{"id":126,"href":"https:\/\/gehring-daemmtechnik.de\/ausbildung\/wp-json\/wp\/v2\/pages\/9\/revisions\/126"}],"wp:featuredmedia":[{"embeddable":true,"href":"https:\/\/gehring-daemmtechnik.de\/ausbildung\/wp-json\/wp\/v2\/media\/116"}],"wp:attachment":[{"href":"https:\/\/gehring-daemmtechnik.de\/ausbildung\/wp-json\/wp\/v2\/media?parent=9"}],"curies":[{"name":"wp","href":"https:\/\/api.w.org\/{rel}","templated":true}]}}